{"id":126,"date":"2024-07-09T00:43:53","date_gmt":"2024-07-08T22:43:53","guid":{"rendered":"https:\/\/www.tantravalencia.com\/new\/?page_id=126"},"modified":"2024-07-16T12:18:59","modified_gmt":"2024-07-16T10:18:59","slug":"formacion-de-masaje-tantrico-y-ayurveda","status":"publish","type":"page","link":"https:\/\/www.tantravalencia.com\/new\/formacion-de-masaje-tantrico-y-ayurveda\/","title":{"rendered":"Formaci\u00f3n de masaje T\u00e1ntrico y Ayurveda"},"content":{"rendered":"<p>[et_pb_section fb_built=\u00bb1&#8243; admin_label=\u00bbHero\u00bb _builder_version=\u00bb4.26.0&#8243; _module_preset=\u00bb74c69059-8e69-4122-b1e6-dfeabf6c5711&#8243; use_background_color_gradient=\u00bbon\u00bb background_color_gradient_stops=\u00bbrgba(0,0,0,0.6) 0%|rgba(0,0,0,0.9) 100%\u00bb background_color_gradient_overlays_image=\u00bbon\u00bb background_color_gradient_start=\u00bbrgba(0,0,0,0.5)\u00bb background_color_gradient_end=\u00bbrgba(0,0,0,0.75)\u00bb background_image=\u00bbhttps:\/\/www.tantravalencia.com\/new\/wp-content\/uploads\/2024\/07\/Masaje-tantrico.jpg\u00bb custom_margin=\u00bb1px||||false|false\u00bb custom_padding=\u00bb9vw||9vw||true|false\u00bb locked=\u00bboff\u00bb collapsed=\u00bbon\u00bb global_colors_info=\u00bb{}\u00bb][et_pb_row column_structure=\u00bb1_2,1_2&#8243; _builder_version=\u00bb4.25.0&#8243; _module_preset=\u00bb5138c454-be54-4233-bd3b-f8e6a8747976&#8243; width=\u00bb88%\u00bb custom_margin=\u00bb-98px||||false|false\u00bb locked=\u00bboff\u00bb global_colors_info=\u00bb{}\u00bb][et_pb_column type=\u00bb1_2&#8243; _builder_version=\u00bb4.23.1&#8243; _module_preset=\u00bb73121f80-a3ef-4484-8763-c3f18e3c56d2&#8243; global_colors_info=\u00bb{}\u00bb][et_pb_heading title=\u00bbFormaci\u00f3n de masaje t\u00e1ntrico y ayurveda\u00bb _builder_version=\u00bb4.25.1&#8243; _module_preset=\u00bbddeb8c09-9078-4424-bc15-2efb6572e28e\u00bb title_font=\u00bbCormorant|700|||||||\u00bb title_text_color=\u00bb#FFFFFF\u00bb title_font_size=\u00bb72px\u00bb title_line_height=\u00bb1.15em\u00bb title_font_size_tablet=\u00bb40px\u00bb title_font_size_phone=\u00bb24px\u00bb title_font_size_last_edited=\u00bbon|phone\u00bb title_text_shadow_style=\u00bbpreset1&#8243; title_text_shadow_color=\u00bb#000000&#8243; locked=\u00bboff\u00bb global_colors_info=\u00bb{}\u00bb][\/et_pb_heading][et_pb_text quote_border_color=\u00bb#FFFFFF\u00bb _builder_version=\u00bb4.25.1&#8243; _module_preset=\u00bb0504de1e-f5ff-4281-ba60-cbbe4edf98bc\u00bb text_font=\u00bbOpen Sans|Open Sans_weight|||||||\u00bb text_text_color=\u00bb#FFFFFF\u00bb text_font_size=\u00bb20px\u00bb text_line_height=\u00bb1.75em\u00bb link_font=\u00bb||||on||||\u00bb link_text_color=\u00bb#FFFFFF\u00bb quote_font=\u00bbCormorant|Cormorant_weight|||||||\u00bb quote_text_color=\u00bb#FFFFFF\u00bb header_font=\u00bbCormorant|Cormorant_weight|||||||\u00bb header_text_color=\u00bb#FFFFFF\u00bb header_font_size=\u00bb72px\u00bb header_line_height=\u00bb1.15em\u00bb header_2_font=\u00bbCormorant|Cormorant_weight|||||||\u00bb header_2_text_color=\u00bb#FFFFFF\u00bb header_2_font_size=\u00bb50px\u00bb header_2_line_height=\u00bb1.2em\u00bb header_3_font=\u00bbCormorant|Cormorant_weight|||||||\u00bb header_3_text_color=\u00bb#FFFFFF\u00bb header_3_font_size=\u00bb32px\u00bb header_3_line_height=\u00bb1.3em\u00bb header_4_font=\u00bbCormorant|Cormorant_weight|||||||\u00bb header_4_text_color=\u00bb#FFFFFF\u00bb header_4_font_size=\u00bb24px\u00bb header_4_line_height=\u00bb1.4em\u00bb header_5_font=\u00bbCormorant|Cormorant_weight|||||||\u00bb header_5_text_color=\u00bb#FFFFFF\u00bb header_5_font_size=\u00bb18px\u00bb header_5_line_height=\u00bb1.4em\u00bb header_6_font=\u00bbCormorant|Cormorant_weight|||||||\u00bb header_6_text_color=\u00bb#FFFFFF\u00bb header_6_line_height=\u00bb1.5em\u00bb custom_margin=\u00bb-18px||||false|false\u00bb text_font_size_tablet=\u00bb15px\u00bb text_font_size_phone=\u00bb16px\u00bb text_font_size_last_edited=\u00bbon|phone\u00bb header_font_size_tablet=\u00bb40px\u00bb header_font_size_phone=\u00bb24px\u00bb header_font_size_last_edited=\u00bbon|desktop\u00bb header_2_font_size_tablet=\u00bb28px\u00bb header_2_font_size_phone=\u00bb20px\u00bb header_2_font_size_last_edited=\u00bbon|phone\u00bb header_3_font_size_tablet=\u00bb22px\u00bb header_3_font_size_phone=\u00bb17px\u00bb header_3_font_size_last_edited=\u00bbon|phone\u00bb header_4_font_size_tablet=\u00bb18px\u00bb header_4_font_size_phone=\u00bb15px\u00bb header_4_font_size_last_edited=\u00bbon|tablet\u00bb header_5_font_size_tablet=\u00bb15px\u00bb header_5_font_size_phone=\u00bb14px\u00bb header_5_font_size_last_edited=\u00bbon|desktop\u00bb header_6_font_size_tablet=\u00bb13px\u00bb header_6_font_size_phone=\u00bb13px\u00bb header_6_font_size_last_edited=\u00bbon|desktop\u00bb text_text_shadow_style=\u00bbpreset1&#8243; text_text_shadow_color=\u00bb#000000&#8243; locked=\u00bboff\u00bb global_colors_info=\u00bb{%22#6b705c%22:%91%22link_text_color%22%93,%22#0e0c19%22:%91%22header_text_color%22,%22header_4_text_color%22,%22header_3_text_color%22,%22header_2_text_color%22,%22header_5_text_color%22,%22header_6_text_color%22%93,%22#a5a58d%22:%91%22quote_border_color%22%93}\u00bb]<\/p>\n<p><span style=\"font-weight: 400;\">\u00a0<\/span><span style=\"font-weight: 400;\">Te\u00f3rico-practica, presencial y online. Grupos reducidos, trato personalizado.<\/span><strong><span style=\"font-size: 20px;\"><\/span><\/strong><\/p>\n<p><strong><span style=\"font-size: 20px;\">Del 2 al 8 de septiembre 2024<\/span><\/strong><\/p>\n<p>[\/et_pb_text][et_pb_text quote_border_color=\u00bb#FFFFFF\u00bb _builder_version=\u00bb4.25.1&#8243; _module_preset=\u00bb0504de1e-f5ff-4281-ba60-cbbe4edf98bc\u00bb text_font=\u00bbOpen Sans|Open Sans_weight|||||||\u00bb text_text_color=\u00bb#FFFFFF\u00bb text_font_size=\u00bb15px\u00bb text_line_height=\u00bb1.75em\u00bb link_font=\u00bb||||on||||\u00bb link_text_color=\u00bb#FFFFFF\u00bb quote_font=\u00bbCormorant|Cormorant_weight|||||||\u00bb quote_text_color=\u00bb#FFFFFF\u00bb header_font=\u00bbCormorant|Cormorant_weight|||||||\u00bb header_text_color=\u00bb#FFFFFF\u00bb header_font_size=\u00bb72px\u00bb header_line_height=\u00bb1.15em\u00bb header_2_font=\u00bbCormorant|Cormorant_weight|||||||\u00bb header_2_text_color=\u00bb#FFFFFF\u00bb header_2_font_size=\u00bb50px\u00bb header_2_line_height=\u00bb1.2em\u00bb header_3_font=\u00bbCormorant|Cormorant_weight|||||||\u00bb header_3_text_color=\u00bb#FFFFFF\u00bb header_3_font_size=\u00bb32px\u00bb header_3_line_height=\u00bb1.3em\u00bb header_4_font=\u00bbCormorant|Cormorant_weight|||||||\u00bb header_4_text_color=\u00bb#FFFFFF\u00bb header_4_font_size=\u00bb24px\u00bb header_4_line_height=\u00bb1.4em\u00bb header_5_font=\u00bbCormorant|Cormorant_weight|||||||\u00bb header_5_text_color=\u00bb#FFFFFF\u00bb header_5_font_size=\u00bb18px\u00bb header_5_line_height=\u00bb1.4em\u00bb header_6_font=\u00bbCormorant|Cormorant_weight|||||||\u00bb header_6_text_color=\u00bb#FFFFFF\u00bb header_6_line_height=\u00bb1.5em\u00bb custom_margin=\u00bb-18px||||false|false\u00bb text_font_size_tablet=\u00bb15px\u00bb text_font_size_phone=\u00bb16px\u00bb text_font_size_last_edited=\u00bbon|phone\u00bb header_font_size_tablet=\u00bb40px\u00bb header_font_size_phone=\u00bb24px\u00bb header_font_size_last_edited=\u00bbon|desktop\u00bb header_2_font_size_tablet=\u00bb28px\u00bb header_2_font_size_phone=\u00bb20px\u00bb header_2_font_size_last_edited=\u00bbon|phone\u00bb header_3_font_size_tablet=\u00bb22px\u00bb header_3_font_size_phone=\u00bb17px\u00bb header_3_font_size_last_edited=\u00bbon|phone\u00bb header_4_font_size_tablet=\u00bb18px\u00bb header_4_font_size_phone=\u00bb15px\u00bb header_4_font_size_last_edited=\u00bbon|tablet\u00bb header_5_font_size_tablet=\u00bb15px\u00bb header_5_font_size_phone=\u00bb14px\u00bb header_5_font_size_last_edited=\u00bbon|desktop\u00bb header_6_font_size_tablet=\u00bb13px\u00bb header_6_font_size_phone=\u00bb13px\u00bb header_6_font_size_last_edited=\u00bbon|desktop\u00bb text_text_shadow_style=\u00bbpreset1&#8243; text_text_shadow_color=\u00bb#000000&#8243; locked=\u00bboff\u00bb global_colors_info=\u00bb{%22#6b705c%22:%91%22link_text_color%22%93,%22#0e0c19%22:%91%22header_text_color%22,%22header_4_text_color%22,%22header_3_text_color%22,%22header_2_text_color%22,%22header_5_text_color%22,%22header_6_text_color%22%93,%22#a5a58d%22:%91%22quote_border_color%22%93}\u00bb]<\/p>\n<p><span>Si no puedes asistir en las fechas previstas del 2 al 8 de septiembre, consultanos para agendar sesiones particulares y realizar la formaci\u00f3n de manera presencial en los dias que mas te convenga con todo el apoyo de nuestra formaci\u00f3n online de masaje t\u00e1ntrico profesional con soporte ilimitado, es la combinaci\u00f3n perfecta para formarte como profesional del masaje.<\/span><\/p>\n<p><strong><span style=\"font-size: 20px;\"><\/span><\/strong><\/p>\n<p>&nbsp;<\/p>\n<p>[\/et_pb_text][et_pb_button button_url=\u00bbhttps:\/\/api.whatsapp.com\/send?phone=34611756536&#038;text=Hola%20Laura,%20vengo%20de%20redes%20sociales%20quiero%20saber%20mas%20de%20la%20formaci%C3%B3n%20de%20masaje%20t%C3%A1ntrico,%20mi%20nombre%20es&#8230;&#8230;%20y%20soy%20de&#8230;.\u00bb url_new_window=\u00bbon\u00bb button_text=\u00bbQuiero mas informaci\u00f3n\u00bb button_alignment=\u00bbcenter\u00bb disabled_on=\u00bboff|off|off\u00bb _builder_version=\u00bb4.26.0&#8243; _module_preset=\u00bb1bffc0fc-42a0-49d1-bd9a-ae3ade2d7206&#8243; custom_button=\u00bbon\u00bb button_text_size=\u00bb23px\u00bb button_text_color=\u00bb#FFFFFF\u00bb button_bg_color=\u00bb#E01F45&#8243; button_border_width=\u00bb0px\u00bb button_border_radius=\u00bb60px\u00bb button_letter_spacing=\u00bb1px\u00bb button_font=\u00bbOpen Sans|700|||||||\u00bb button_icon=\u00bb&#xf232;||fa||400&#8243; button_icon_placement=\u00bbleft\u00bb button_on_hover=\u00bboff\u00bb custom_padding=\u00bb2px|38px|2px|38px|false|true\u00bb button_text_shadow_style=\u00bbpreset1&#8243; locked=\u00bboff\u00bb global_colors_info=\u00bb{}\u00bb custom_padding__hover_enabled=\u00bboff|desktop\u00bb custom_padding__hover=\u00bb|28px||20px|true|false\u00bb][\/et_pb_button][et_pb_code disabled_on=\u00bbon|on|on\u00bb _builder_version=\u00bb4.26.0&#8243; _module_preset=\u00bbdefault\u00bb disabled=\u00bbon\u00bb global_colors_info=\u00bb{}\u00bb]<\/p>\n<div class=\"_form_120\"><\/div>\n<p><script src=\"https:\/\/tantravalencia96686.activehosted.com\/f\/embed.php?id=120\" charset=\"utf-8\"><\/script>[\/et_pb_code][et_pb_text quote_border_color=\u00bb#FFFFFF\u00bb _builder_version=\u00bb4.25.1&#8243; _module_preset=\u00bb0504de1e-f5ff-4281-ba60-cbbe4edf98bc\u00bb text_font=\u00bbOpen Sans|Open Sans_weight|||||||\u00bb text_text_color=\u00bb#FFFFFF\u00bb text_font_size=\u00bb18px\u00bb text_line_height=\u00bb1.75em\u00bb link_font=\u00bb||||on||||\u00bb link_text_color=\u00bb#FFFFFF\u00bb quote_font=\u00bbCormorant|Cormorant_weight|||||||\u00bb quote_text_color=\u00bb#FFFFFF\u00bb header_font=\u00bbCormorant|Cormorant_weight|||||||\u00bb header_text_color=\u00bb#FFFFFF\u00bb header_font_size=\u00bb72px\u00bb header_line_height=\u00bb1.15em\u00bb header_2_font=\u00bbCormorant|Cormorant_weight|||||||\u00bb header_2_text_color=\u00bb#FFFFFF\u00bb header_2_font_size=\u00bb50px\u00bb header_2_line_height=\u00bb1.2em\u00bb header_3_font=\u00bbCormorant|Cormorant_weight|||||||\u00bb header_3_text_color=\u00bb#FFFFFF\u00bb header_3_font_size=\u00bb32px\u00bb header_3_line_height=\u00bb1.3em\u00bb header_4_font=\u00bbCormorant|Cormorant_weight|||||||\u00bb header_4_text_color=\u00bb#FFFFFF\u00bb header_4_font_size=\u00bb24px\u00bb header_4_line_height=\u00bb1.4em\u00bb header_5_font=\u00bbCormorant|Cormorant_weight|||||||\u00bb header_5_text_color=\u00bb#FFFFFF\u00bb header_5_font_size=\u00bb18px\u00bb header_5_line_height=\u00bb1.4em\u00bb header_6_font=\u00bbCormorant|Cormorant_weight|||||||\u00bb header_6_text_color=\u00bb#FFFFFF\u00bb header_6_line_height=\u00bb1.5em\u00bb custom_margin=\u00bb||||false|false\u00bb text_font_size_tablet=\u00bb15px\u00bb text_font_size_phone=\u00bb15px\u00bb text_font_size_last_edited=\u00bbon|phone\u00bb header_font_size_tablet=\u00bb40px\u00bb header_font_size_phone=\u00bb24px\u00bb header_font_size_last_edited=\u00bbon|desktop\u00bb header_2_font_size_tablet=\u00bb28px\u00bb header_2_font_size_phone=\u00bb20px\u00bb header_2_font_size_last_edited=\u00bbon|phone\u00bb header_3_font_size_tablet=\u00bb22px\u00bb header_3_font_size_phone=\u00bb17px\u00bb header_3_font_size_last_edited=\u00bbon|phone\u00bb header_4_font_size_tablet=\u00bb18px\u00bb header_4_font_size_phone=\u00bb15px\u00bb header_4_font_size_last_edited=\u00bbon|tablet\u00bb header_5_font_size_tablet=\u00bb15px\u00bb header_5_font_size_phone=\u00bb14px\u00bb header_5_font_size_last_edited=\u00bbon|desktop\u00bb header_6_font_size_tablet=\u00bb13px\u00bb header_6_font_size_phone=\u00bb13px\u00bb header_6_font_size_last_edited=\u00bbon|desktop\u00bb text_text_shadow_style=\u00bbpreset1&#8243; text_text_shadow_color=\u00bb#000000&#8243; locked=\u00bboff\u00bb global_colors_info=\u00bb{%22#6b705c%22:%91%22link_text_color%22%93,%22#0e0c19%22:%91%22header_text_color%22,%22header_4_text_color%22,%22header_3_text_color%22,%22header_2_text_color%22,%22header_5_text_color%22,%22header_6_text_color%22%93,%22#a5a58d%22:%91%22quote_border_color%22%93}\u00bb]<\/p>\n<p style=\"text-align: justify;\"><span>En nuestra formaci\u00f3n, descubrir\u00e1s el arte del masaje t\u00e1ntrico y tacto amoroso del tantra unido a la tecnica milenaria de ayurveda: una experiencia de conexi\u00f3n profunda y sanaci\u00f3n transformadora. La combinaci\u00f3n perfecta para realizar tus terapias con integridad y consciencia.<\/span><\/p>\n<p>[\/et_pb_text][et_pb_text quote_border_color=\u00bb#FFFFFF\u00bb _builder_version=\u00bb4.25.1&#8243; _module_preset=\u00bb0504de1e-f5ff-4281-ba60-cbbe4edf98bc\u00bb text_font=\u00bbOpen Sans|Open Sans_weight|||||||\u00bb text_text_color=\u00bb#FFFFFF\u00bb text_font_size=\u00bb18px\u00bb text_line_height=\u00bb1.75em\u00bb link_font=\u00bb||||on||||\u00bb link_text_color=\u00bb#FFFFFF\u00bb quote_font=\u00bbCormorant|Cormorant_weight|||||||\u00bb quote_text_color=\u00bb#FFFFFF\u00bb header_font=\u00bbCormorant|Cormorant_weight|||||||\u00bb header_text_color=\u00bb#FFFFFF\u00bb header_font_size=\u00bb72px\u00bb header_line_height=\u00bb1.15em\u00bb header_2_font=\u00bbCormorant|Cormorant_weight|||||||\u00bb header_2_text_color=\u00bb#FFFFFF\u00bb header_2_font_size=\u00bb50px\u00bb header_2_line_height=\u00bb1.2em\u00bb header_3_font=\u00bbCormorant|Cormorant_weight|||||||\u00bb header_3_text_color=\u00bb#FFFFFF\u00bb header_3_font_size=\u00bb32px\u00bb header_3_line_height=\u00bb1.3em\u00bb header_4_font=\u00bbCormorant|Cormorant_weight|||||||\u00bb header_4_text_color=\u00bb#FFFFFF\u00bb header_4_font_size=\u00bb24px\u00bb header_4_line_height=\u00bb1.4em\u00bb header_5_font=\u00bbCormorant|Cormorant_weight|||||||\u00bb header_5_text_color=\u00bb#FFFFFF\u00bb header_5_font_size=\u00bb18px\u00bb header_5_line_height=\u00bb1.4em\u00bb header_6_font=\u00bbCormorant|Cormorant_weight|||||||\u00bb header_6_text_color=\u00bb#FFFFFF\u00bb header_6_line_height=\u00bb1.5em\u00bb custom_margin=\u00bb||||false|false\u00bb text_font_size_tablet=\u00bb15px\u00bb text_font_size_phone=\u00bb15px\u00bb text_font_size_last_edited=\u00bbon|phone\u00bb header_font_size_tablet=\u00bb40px\u00bb header_font_size_phone=\u00bb24px\u00bb header_font_size_last_edited=\u00bbon|desktop\u00bb header_2_font_size_tablet=\u00bb28px\u00bb header_2_font_size_phone=\u00bb20px\u00bb header_2_font_size_last_edited=\u00bbon|phone\u00bb header_3_font_size_tablet=\u00bb22px\u00bb header_3_font_size_phone=\u00bb17px\u00bb header_3_font_size_last_edited=\u00bbon|phone\u00bb header_4_font_size_tablet=\u00bb18px\u00bb header_4_font_size_phone=\u00bb15px\u00bb header_4_font_size_last_edited=\u00bbon|tablet\u00bb header_5_font_size_tablet=\u00bb15px\u00bb header_5_font_size_phone=\u00bb14px\u00bb header_5_font_size_last_edited=\u00bbon|desktop\u00bb header_6_font_size_tablet=\u00bb13px\u00bb header_6_font_size_phone=\u00bb13px\u00bb header_6_font_size_last_edited=\u00bbon|desktop\u00bb text_text_shadow_style=\u00bbpreset1&#8243; text_text_shadow_color=\u00bb#000000&#8243; locked=\u00bboff\u00bb global_colors_info=\u00bb{%22#6b705c%22:%91%22link_text_color%22%93,%22#0e0c19%22:%91%22header_text_color%22,%22header_4_text_color%22,%22header_3_text_color%22,%22header_2_text_color%22,%22header_5_text_color%22,%22header_6_text_color%22%93,%22#a5a58d%22:%91%22quote_border_color%22%93}\u00bb]<\/p>\n<p style=\"text-align: justify;\">Obt\u00e9n dos certificaciones reconocidas, Una formaci\u00f3n te\u00f3rico pr\u00e1ctica, presencial con acceso a la escuela online, as\u00ed como sesiones de apoyo al terminar el retiro, con todo el soporte necesario para que emprendas tu camino como masajista.<\/p>\n<p>[\/et_pb_text][\/et_pb_column][et_pb_column type=\u00bb1_2&#8243; _builder_version=\u00bb4.25.0&#8243; _module_preset=\u00bbdefault\u00bb global_colors_info=\u00bb{}\u00bb][et_pb_image src=\u00bbhttps:\/\/www.tantravalencia.com\/new\/wp-content\/uploads\/2024\/07\/masaje-tantrico-y-ayurveda-2-6.jpg\u00bb title_text=\u00bbmasaje tantrico y ayurveda 2 (6)\u00bb _builder_version=\u00bb4.25.1&#8243; _module_preset=\u00bbdefault\u00bb global_colors_info=\u00bb{}\u00bb][\/et_pb_image][\/et_pb_column][\/et_pb_row][\/et_pb_section][et_pb_section fb_built=\u00bb1&#8243; admin_label=\u00bbServices\u00bb _builder_version=\u00bb4.25.0&#8243; _module_preset=\u00bbdefault\u00bb custom_margin=\u00bb-97px||||false|false\u00bb locked=\u00bboff\u00bb collapsed=\u00bbon\u00bb global_colors_info=\u00bb{}\u00bb][et_pb_row _builder_version=\u00bb4.25.0&#8243; _module_preset=\u00bb5138c454-be54-4233-bd3b-f8e6a8747976&#8243; custom_margin=\u00bb-58px||||false|false\u00bb locked=\u00bboff\u00bb global_colors_info=\u00bb{}\u00bb][et_pb_column type=\u00bb4_4&#8243; _builder_version=\u00bb4.17.3&#8243; _module_preset=\u00bb73121f80-a3ef-4484-8763-c3f18e3c56d2&#8243; global_colors_info=\u00bb{}\u00bb][et_pb_heading title=\u00bb\u00bfQu\u00e9 aprender\u00e1s?\u00bb _builder_version=\u00bb4.25.0&#8243; _module_preset=\u00bbc33f07d9-41e0-421a-8799-5799df695cce\u00bb title_level=\u00bbh2&#8243; title_font=\u00bbCormorant|Cormorant_weight|||||||\u00bb title_text_align=\u00bbcenter\u00bb title_text_color=\u00bb#0e0c19&#8243; title_font_size=\u00bb75px\u00bb title_line_height=\u00bb1.2em\u00bb custom_margin=\u00bb-10px||2px||false|false\u00bb title_font_size_tablet=\u00bb28px\u00bb title_font_size_phone=\u00bb43px\u00bb title_font_size_last_edited=\u00bbon|phone\u00bb locked=\u00bboff\u00bb global_colors_info=\u00bb{}\u00bb][\/et_pb_heading][\/et_pb_column][\/et_pb_row][et_pb_row column_structure=\u00bb1_2,1_2&#8243; _builder_version=\u00bb4.25.0&#8243; _module_preset=\u00bb5138c454-be54-4233-bd3b-f8e6a8747976&#8243; custom_margin=\u00bb-49px||||false|false\u00bb global_colors_info=\u00bb{}\u00bb][et_pb_column type=\u00bb1_2&#8243; _builder_version=\u00bb4.17.3&#8243; _module_preset=\u00bb73121f80-a3ef-4484-8763-c3f18e3c56d2&#8243; global_colors_info=\u00bb{}\u00bb][et_pb_blurb image_icon_width=\u00bb32px\u00bb icon_alignment=\u00bbleft\u00bb content_max_width=\u00bb100%\u00bb _builder_version=\u00bb4.25.1&#8243; _module_preset=\u00bb212b201d-2c34-41bd-936c-851b7357d08b\u00bb header_font=\u00bbCormorant|Cormorant_weight|||||||\u00bb header_text_color=\u00bb#0e0c19&#8243; header_font_size=\u00bb18px\u00bb header_line_height=\u00bb1.4em\u00bb body_font=\u00bbOpen Sans|Open Sans_weight|||||||\u00bb body_text_color=\u00bb#000000&#8243; body_font_size=\u00bb17px\u00bb body_line_height=\u00bb1.75em\u00bb body_link_text_color=\u00bb#6b705c\u00bb body_link_font_size=\u00bb14px\u00bb background_mask_style=\u00bbwave\u00bb image_icon_custom_margin=\u00bb||||false|false\u00bb image_icon_custom_padding=\u00bb||||false|false\u00bb animation=\u00bboff\u00bb header_font_size_tablet=\u00bb15px\u00bb header_font_size_phone=\u00bb13px\u00bb header_font_size_last_edited=\u00bbon|phone\u00bb body_font_size_tablet=\u00bb15px\u00bb body_font_size_phone=\u00bb15px\u00bb body_font_size_last_edited=\u00bbon|desktop\u00bb border_radii_image=\u00bbon|6px|6px|6px|6px\u00bb locked=\u00bboff\u00bb global_colors_info=\u00bb{}\u00bb]<\/p>\n<p style=\"text-align: justify;\"><span style=\"font-weight: 400;\">&#x2714; Desarrollar\u00e1s la escucha a trav\u00e9s del masaje<strong>, <\/strong>cuya finalidad es entrar en meditaci\u00f3n profunda<span>, en ese espacio de vac\u00edo donde el yo desaparece y entramos en profunda relajaci\u00f3n y conexi\u00f3n interna.<\/span><\/span><\/p>\n<p style=\"text-align: justify;\"><span style=\"font-weight: 400;\"><span><\/span><\/span><\/p>\n<p style=\"text-align: justify;\"><span style=\"font-weight: 400;\">&#x2714; A dar y recibir en un estado de consciencia plena, desde ese espacio de silencio y de autoescucha<span>, nos ponemos m\u00e1s en contacto con nuestra energ\u00eda m\u00e1s sutil y nos abrimos a la sensibilidad, a la quietud, al goce, al placer\u2026<\/span><\/span><\/p>\n<p style=\"text-align: justify;\"><span style=\"font-weight: 400;\"><span><\/span><\/span><\/p>\n<p style=\"text-align: justify;\"><span><span style=\"font-weight: 400;\">&#x2714; <\/span>Todo lo que proporciona este curso va a<\/span><span>\u00a0<\/span><span>desmontar la coraza, desmontar el personaje<\/span><strong>,<\/strong><span>\u00a0<\/span><span>transitar la vulnerabilidad y<\/span><span>\u00a0<\/span><span>desbloquear la energ\u00eda<\/span><span>\u00a0<\/span><span>para que pueda fluir libremente por el cuerpo.<\/span><\/p>\n<p style=\"text-align: justify;\"><span><\/span><\/p>\n<p style=\"text-align: justify;\"><span><span style=\"font-weight: 400;\">&#x2714; Aprender\u00e1s como<\/span>\u00a0Liberarte de bloqueos emocionales y sexuales al conectar con tu cuerpo de manera consciente y amorosa. Descubre el poder transformador del masaje t\u00e1ntrico y experimenta una nueva forma de bienestar y plenitud.<\/span><\/p>\n<p><span style=\"font-weight: 400;\">&#x2714; Descubrir\u00e1s\u00a0 la importancia de la consciencia no dual, la presencia divina, y la actitud del masajista y del receptor.\u00a0<\/span><\/p>\n<p><span style=\"font-weight: 400;\">&#x2714; Beneficios y claves del masaje, explorando el tantra, los beneficios del masaje t\u00e1ntrico, el masaje ayurveda, la practica de meditaci\u00f3n en pareja.\u00a0<\/span><\/p>\n<p><span style=\"font-weight: 400;\">&#x2714; La respiraci\u00f3n consciente y su importancia, t\u00e9cnicas de pranayama.\u00a0<\/span><\/p>\n<p><span style=\"font-weight: 400;\">&#x2714; T\u00e9cnicas de desbloqueo energ\u00e9ticos, y masaje para liberar tensiones.\u00a0<\/span><\/p>\n<p><span style=\"font-weight: 400;\">&#x2714; T\u00e9cnicas de sensibilizaci\u00f3n, abriendo la sensibilidad a trav\u00e9s del masaje, la conexi\u00f3n emocional y la energ\u00eda sexual. <\/span><\/p>\n<p>[\/et_pb_blurb][\/et_pb_column][et_pb_column type=\u00bb1_2&#8243; _builder_version=\u00bb4.17.3&#8243; _module_preset=\u00bb73121f80-a3ef-4484-8763-c3f18e3c56d2&#8243; global_colors_info=\u00bb{}\u00bb][et_pb_blurb image_icon_width=\u00bb32px\u00bb icon_alignment=\u00bbleft\u00bb content_max_width=\u00bb100%\u00bb _builder_version=\u00bb4.25.1&#8243; _module_preset=\u00bb212b201d-2c34-41bd-936c-851b7357d08b\u00bb header_font=\u00bbCormorant|Cormorant_weight|||||||\u00bb header_text_color=\u00bb#0e0c19&#8243; header_font_size=\u00bb18px\u00bb header_line_height=\u00bb1.4em\u00bb body_font=\u00bbOpen Sans|Open Sans_weight|||||||\u00bb body_text_color=\u00bb#000000&#8243; body_font_size=\u00bb17px\u00bb body_line_height=\u00bb1.75em\u00bb body_link_text_color=\u00bb#6b705c\u00bb body_link_font_size=\u00bb14px\u00bb background_mask_style=\u00bbwave\u00bb image_icon_custom_margin=\u00bb||||false|false\u00bb image_icon_custom_padding=\u00bb||||false|false\u00bb animation=\u00bboff\u00bb header_font_size_tablet=\u00bb15px\u00bb header_font_size_phone=\u00bb13px\u00bb header_font_size_last_edited=\u00bbon|phone\u00bb body_font_size_tablet=\u00bb15px\u00bb body_font_size_phone=\u00bb15px\u00bb body_font_size_last_edited=\u00bbon|desktop\u00bb border_radii_image=\u00bbon|6px|6px|6px|6px\u00bb locked=\u00bboff\u00bb global_colors_info=\u00bb{}\u00bb]<\/p>\n<p style=\"text-align: justify;\"><span style=\"font-weight: 400;\">\u2714 <\/span>Los principios b\u00e1sicos del ayurveda. Puntos marmas, constituci\u00f3n humana, conciencia corporal, aceites esenciales<\/p>\n<p style=\"text-align: justify;\"><span style=\"font-weight: 400;\">\u2714 <\/span>La pr\u00e1ctica del masaje ayurveda tiene como finalidad movilizar la energ\u00eda f\u00edsica, energ\u00e9tica, mental\/psicol\u00f3gica y espiritual.<\/p>\n<p style=\"text-align: justify;\"><span style=\"font-weight: 400;\">\u2714<\/span>Masaje de tacto consciente y tejido profundo que permite el flujo energ\u00e9tico fluya, nutriendo asi tu sangre, armonizando tus sitemas y despertando la capacidad propia de tu cuerpo para sanar.<\/p>\n<p style=\"text-align: justify;\">\n<p style=\"text-align: justify;\"><span style=\"font-weight: 400;\">\u2714La esencia sexual en el Tantra, exploraci\u00f3n de las energ\u00edas masculina y femenina, meditaciones en pareja\u00a0<\/span><\/p>\n<p style=\"text-align: justify;\"><span style=\"font-weight: 400;\">\u2714Aprende a amar a trav\u00e9s del masaje, la conexi\u00f3n con la energ\u00eda sexual, practica de aspiraci\u00f3n org\u00e1smica ascendente, pr\u00e1ctica de tandava<\/span><\/p>\n<p style=\"text-align: justify;\"><span style=\"font-weight: 400;\">\u2714Automasaje t\u00e1ntrico y t\u00e9cnicas de automasaje amoroso y meditaci\u00f3n guiada para el auto-toque amoroso.<\/span><\/p>\n<p style=\"text-align: justify;\"><span style=\"font-weight: 400;\">\u2714Explicaci\u00f3n de los Diferentes masajes, masaje de sanaci\u00f3n sexual, t\u00e9cnicas tao\u00edstas y de acupresi\u00f3n.\u00a0<\/span><\/p>\n<p style=\"text-align: justify;\"><span style=\"font-weight: 400;\">\u2714Gozo y placer. explorando la diferencia entre gozo y placer,\u00a0 la conexi\u00f3n con la gratitud.<\/span><\/p>\n<p style=\"text-align: justify;\">\n<p style=\"text-align: justify;\">Obtendr\u00e1s dos certificaciones reconocidas en masaje healing ayurveda y el masaje t\u00e1ntrico, expansi\u00f3n de la energ\u00eda y la sexualidad t\u00e1ntrica, recibir\u00e1s dosier de ambas.<\/p>\n<p style=\"text-align: justify;\"><span style=\"font-weight: 400;\"><\/span><\/p>\n<p style=\"text-align: justify;\"><span style=\"font-weight: 400;\">Adem\u00e1s podr\u00e1s acceder a la escuela online con todos los videos y material complementario.<\/span><\/p>\n<p style=\"text-align: justify;\"><span style=\"font-weight: 400;\"><\/span><\/p>\n<p style=\"text-align: justify;\"><span style=\"font-weight: 400;\"><span>Si no puedes asistir en las fechas previstas del 2 al 8 de septiembre, consultanos para agendar sesiones particulares y realizar la formaci\u00f3n de manera presencial en los dias que mas te convenga con todo el apoyo de nuestra formaci\u00f3n online de masaje t\u00e1ntrico profesional con soporte ilimitado, es la combinaci\u00f3n perfecta para formarte como profesional del masaje.<\/span><\/span><\/p>\n<p>[\/et_pb_blurb][\/et_pb_column][\/et_pb_row][et_pb_row _builder_version=\u00bb4.25.0&#8243; _module_preset=\u00bbdefault\u00bb width=\u00bb94%\u00bb global_colors_info=\u00bb{}\u00bb][et_pb_column type=\u00bb4_4&#8243; _builder_version=\u00bb4.25.0&#8243; _module_preset=\u00bbdefault\u00bb global_colors_info=\u00bb{}\u00bb][et_pb_text _builder_version=\u00bb4.25.1&#8243; _module_preset=\u00bbdefault\u00bb text_text_color=\u00bb#c10033&#8243; text_font_size=\u00bb18px\u00bb text_text_shadow_style=\u00bbpreset1&#8243; box_shadow_style=\u00bbpreset1&#8243; global_colors_info=\u00bb{}\u00bb]<\/p>\n<p style=\"text-align: center;\"><span style=\"font-weight: 400;\">Con esta formaci\u00f3n, obtendr\u00e1s una comprensi\u00f3n completa del masaje Ayurveda y del masaje tantrico,\u00a0 as\u00ed como una nueva visi\u00f3n de la sexualidad, te dotaremos de herramientas pr\u00e1cticas para aplicar en tu vida diaria y mejorar tu bienestar emocional, f\u00edsico, energ\u00e9tico y sexual. Adem\u00e1s obtendr\u00e1s toda la formaci\u00f3n documentada con dosier y escuela online, y la titulaci\u00f3n para llevar a cabo estos masaje de manera profesional.<\/span><\/p>\n<p>[\/et_pb_text][et_pb_button button_url=\u00bbhttps:\/\/api.whatsapp.com\/send?phone=34611756536&#038;text=Hola%20Laura,%20vengo%20de%20redes%20sociales%20quiero%20saber%20mas%20de%20la%20formaci%C3%B3n%20de%20masaje%20t%C3%A1ntrico,%20mi%20nombre%20es&#8230;&#8230;%20y%20soy%20de&#8230;.\u00bb url_new_window=\u00bbon\u00bb button_text=\u00bbQuiero saber m\u00e1s\ud83e\udd29\u00bb button_alignment=\u00bbcenter\u00bb _builder_version=\u00bb4.26.0&#8243; _module_preset=\u00bbdefault\u00bb custom_button=\u00bbon\u00bb button_text_color=\u00bb#ffffff\u00bb button_bg_color=\u00bb#E01F45&#8243; animation_style=\u00bbfade\u00bb box_shadow_style=\u00bbpreset1&#8243; global_colors_info=\u00bb{}\u00bb][\/et_pb_button][\/et_pb_column][\/et_pb_row][et_pb_row column_structure=\u00bb1_2,1_2&#8243; _builder_version=\u00bb4.25.0&#8243; _module_preset=\u00bb5138c454-be54-4233-bd3b-f8e6a8747976&#8243; background_color=\u00bb#c10033&#8243; width=\u00bb100%\u00bb max_width=\u00bb1545px\u00bb custom_margin=\u00bb-22px||||false|false\u00bb global_colors_info=\u00bb{}\u00bb][et_pb_column type=\u00bb1_2&#8243; _builder_version=\u00bb4.17.3&#8243; _module_preset=\u00bb73121f80-a3ef-4484-8763-c3f18e3c56d2&#8243; global_colors_info=\u00bb{}\u00bb][et_pb_blurb title=\u00bbKim Benjamin\u00bb image=\u00bbhttps:\/\/www.tantravalencia.com\/new\/wp-content\/uploads\/2024\/07\/kim-1.jpg\u00bb image_icon_width=\u00bb20%\u00bb content_max_width=\u00bb100%\u00bb _builder_version=\u00bb4.25.0&#8243; _module_preset=\u00bb212b201d-2c34-41bd-936c-851b7357d08b\u00bb header_font=\u00bbCormorant|Cormorant_weight|||||||\u00bb header_text_color=\u00bb#FFFFFF\u00bb header_font_size=\u00bb20px\u00bb header_line_height=\u00bb1.4em\u00bb body_font=\u00bbOpen Sans|Open Sans_weight|||||||\u00bb body_text_align=\u00bbcenter\u00bb body_text_color=\u00bb#FFFFFF\u00bb body_line_height=\u00bb1.75em\u00bb body_link_text_color=\u00bb#6b705c\u00bb body_link_font_size=\u00bb14px\u00bb background_mask_style=\u00bbwave\u00bb image_icon_custom_margin=\u00bb||||false|false\u00bb image_icon_custom_padding=\u00bb||||false|false\u00bb animation=\u00bboff\u00bb header_font_size_tablet=\u00bb15px\u00bb header_font_size_phone=\u00bb13px\u00bb header_font_size_last_edited=\u00bbon|phone\u00bb body_font_size_tablet=\u00bb15px\u00bb body_font_size_phone=\u00bb14px\u00bb body_font_size_last_edited=\u00bbon|desktop\u00bb border_radii_image=\u00bbon|6px|6px|6px|6px\u00bb locked=\u00bboff\u00bb global_colors_info=\u00bb{}\u00bb]<\/p>\n<p>Mi primer retiro de tantra con Laura fue una revoluci\u00f3n interna muy brutal, porque estaba muy disperso y confundido, ten\u00eda 28 a\u00f1os, y en el encuentro, vivi una experiencia de cari\u00f1o, de aceptaci\u00f3n total, poco importaba quien eres, que genero, cu\u00e1l es \u201ctu categor\u00eda en la sociedad\u201d; hab\u00eda un sentimiento de humanidad, de aceptaci\u00f3n, de hermandad; que me impacto tanto, que por primera vez de mi vida de adulto, descubr\u00ed lo que era importante\u00a0 en la vida, y sent\u00ed una apertura tan grande de coraz\u00f3n, que me lanc\u00e9 a hacer la formaci\u00f3n online de masaje t\u00e1ntrico,\u00a0 hoy puedo decir que este encuentro cambio totalmente mi vida, y la formaci\u00f3n ha sido el trampol\u00edn hacia un nuevo camino profesional.<\/p>\n<p>[\/et_pb_blurb][\/et_pb_column][et_pb_column type=\u00bb1_2&#8243; _builder_version=\u00bb4.17.3&#8243; _module_preset=\u00bb73121f80-a3ef-4484-8763-c3f18e3c56d2&#8243; global_colors_info=\u00bb{}\u00bb][et_pb_blurb title=\u00bbJuelita\u00bb image=\u00bbhttps:\/\/www.tantravalencia.com\/new\/wp-content\/uploads\/2024\/07\/julieta-1-1.jpg\u00bb image_icon_width=\u00bb20%\u00bb content_max_width=\u00bb100%\u00bb _builder_version=\u00bb4.25.0&#8243; _module_preset=\u00bb212b201d-2c34-41bd-936c-851b7357d08b\u00bb header_font=\u00bbCormorant|Cormorant_weight|||||||\u00bb header_text_color=\u00bb#FFFFFF\u00bb header_font_size=\u00bb22px\u00bb header_line_height=\u00bb1.4em\u00bb body_font=\u00bbOpen Sans|Open Sans_weight|||||||\u00bb body_text_color=\u00bb#FFFFFF\u00bb body_line_height=\u00bb1.75em\u00bb body_link_text_color=\u00bb#6b705c\u00bb body_link_font_size=\u00bb14px\u00bb background_mask_style=\u00bbwave\u00bb image_icon_custom_margin=\u00bb||||false|false\u00bb image_icon_custom_padding=\u00bb||||false|false\u00bb animation=\u00bboff\u00bb header_font_size_tablet=\u00bb15px\u00bb header_font_size_phone=\u00bb13px\u00bb header_font_size_last_edited=\u00bbon|phone\u00bb body_font_size_tablet=\u00bb15px\u00bb body_font_size_phone=\u00bb14px\u00bb body_font_size_last_edited=\u00bbon|desktop\u00bb border_radii_image=\u00bbon|6px|6px|6px|6px\u00bb locked=\u00bboff\u00bb global_colors_info=\u00bb{}\u00bb]<\/p>\n<p>Con Laura he aprendido que el masaje t\u00e1ntrico es mucho m\u00e1s que una t\u00e9cnica, es el arte de sentir, de estar presente, es meditaci\u00f3n, una expansi\u00f3n del coraz\u00f3n, un estado de presencia y entrega, con respeto y con amor.<\/p>\n<p>\u00a0Entre al curso para aprender el masaje t\u00e1ntrico y ha sido mucho m\u00e1s que eso. Me he sentido en un continuo crecimiento personal, he aprendido a reconocer y conectar con mi ser divino, algo que llevo muchos a\u00f1os anhelando y lo consegu\u00ed con las ense\u00f1anzas de Laura.<\/p>\n<p>Recomiendo totalmente esta formaci\u00f3n y su enfoque no dual, que expresa con tanta claridad y sencillez.<\/p>\n<p>[\/et_pb_blurb][\/et_pb_column][\/et_pb_row][\/et_pb_section][et_pb_section fb_built=\u00bb1&#8243; admin_label=\u00bbPerson Biography\u00bb _builder_version=\u00bb4.25.0&#8243; _module_preset=\u00bbdefault\u00bb custom_margin=\u00bb-84px||||false|false\u00bb global_colors_info=\u00bb{}\u00bb][et_pb_row column_structure=\u00bb1_2,1_2&#8243; use_custom_gutter=\u00bbon\u00bb gutter_width=\u00bb1&#8243; _builder_version=\u00bb4.16&#8243; custom_margin=\u00bb80px||||false|false\u00bb custom_margin_tablet=\u00bb0px||||false|false\u00bb custom_margin_phone=\u00bb\u00bb custom_margin_last_edited=\u00bbon|tablet\u00bb custom_padding=\u00bb0px|||||\u00bb locked=\u00bboff\u00bb global_colors_info=\u00bb{}\u00bb][et_pb_column type=\u00bb1_2&#8243; _builder_version=\u00bb4.16&#8243; background_color=\u00bb#24394a\u00bb background_image=\u00bbhttps:\/\/www.tantravalencia.com\/new\/wp-content\/uploads\/2024\/07\/yoga-instrcutor_61.png\u00bb custom_padding=\u00bb50px|40px|50px|40px|true|true\u00bb custom_padding_tablet=\u00bb30px|30px|30px|30px|true|true\u00bb custom_padding_phone=\u00bb20px|20px|20px|20px|true|true\u00bb custom_padding_last_edited=\u00bbon|phone\u00bb global_colors_info=\u00bb{}\u00bb][et_pb_blurb title=\u00bbLaura C\u00e1rcel\u00bb image=\u00bbhttps:\/\/www.tantravalencia.com\/new\/wp-content\/uploads\/2024\/07\/yoga-instructor-icon-10-white-1.png\u00bb icon_alignment=\u00bbleft\u00bb content_max_width=\u00bb100%\u00bb _builder_version=\u00bb4.25.1&#8243; header_level=\u00bbh3&#8243; header_font=\u00bbDomine||||||||\u00bb header_font_size=\u00bb24px\u00bb header_line_height=\u00bb1.4em\u00bb body_line_height=\u00bb2em\u00bb background_layout=\u00bbdark\u00bb custom_margin=\u00bb30px||||false|false\u00bb header_font_size_tablet=\u00bb\u00bb header_font_size_phone=\u00bb20px\u00bb header_font_size_last_edited=\u00bbon|phone\u00bb locked=\u00bboff\u00bb global_colors_info=\u00bb{}\u00bb]<\/p>\n<p style=\"text-align: justify;\">\u00a1Hola! Soy Laura, apasionada del tantra desde que lo descubr\u00ed hace mas de 17 a\u00f1os,\u00a0 mi vida est\u00e1 impregnada de pasi\u00f3n por el autoconocimiento, la meditaci\u00f3n y la visi\u00f3n no dual que es lo que nos lleva a una verdadera transformaci\u00f3n interior.<\/p>\n<p style=\"text-align: justify;\">\u00a0Durante m\u00e1s de 15 a\u00f1os, tengo el honor de acompa\u00f1ar a personas como t\u00fa en su viaje hacia una vida m\u00e1s significativa y plena.<\/p>\n<p style=\"text-align: justify;\">Mi viaje personal ha sido profundamente influenciado por \u201cUn Curso de Milagros\u201d, una pr\u00e1ctica que llevo en mi coraz\u00f3n durante m\u00e1s de una d\u00e9cada. Esta filosof\u00eda ha transformado la forma en que veo la vida, y mi coraz\u00f3n rebosa de gratitud por la alegr\u00eda, la libertad y el amor que experiment\u00f3 cada d\u00eda desde entonces.<\/p>\n<p style=\"text-align: justify;\">Lo m\u00e1s hermoso es que he convertido mi pasi\u00f3n en mi trabajo. Es un privilegio servirte de gu\u00eda en tu propio viaje de transformaci\u00f3n. Pero \u00bfc\u00f3mo empez\u00f3 todo?<\/p>\n<p style=\"text-align: justify;\">Mi primer encuentro con la conexi\u00f3n interior se produjo a trav\u00e9s del baile. Descubr\u00ed un goce interno que flu\u00eda a trav\u00e9s de mis movimientos, algo que no proven\u00eda de m\u00ed, sino que era una fuerza mucho m\u00e1s grande. Este amor por el baile me llev\u00f3 a fundar una academia de baile, donde pude compartir mi pasi\u00f3n con otros durante varios a\u00f1os.<\/p>\n<p style=\"text-align: justify;\">Mi b\u00fasqueda de conocimiento me impuls\u00f3 a explorar m\u00e1s all\u00e1. Me form\u00e9 en Kundalini yoga, medicina china, masaje y, sobre todo, el Tantra y la filosof\u00eda no dual, ucdm. Aqu\u00ed, beb\u00ed de la sabidur\u00eda de varios maestros y experiment\u00e9 c\u00f3mo esta hermosa herramienta abr\u00eda suavemente los corazones de quienes la practicaban.<\/p>\n<p style=\"text-align: justify;\">Adem\u00e1s, me form\u00e9 en la Escuela del Perd\u00f3n de la Asociaci\u00f3n Conciencia, bajo la gu\u00eda de Jorge Lomar y Reyes Ollero. Ah\u00ed, me convert\u00ed en facilitadora y acompa\u00f1ante de procesos de Perd\u00f3n no Dual, basado en \u201cUn Curso de Milagros\u201d.<\/p>\n<p style=\"text-align: justify;\">Hoy, dirijo cursos y formaciones intensivas online como:\u00a0 \u201cEl arte de Ser Feliz\u201d o \u201cFormaci\u00f3n de tantra y perd\u00f3n no dual\u201d<\/p>\n<p style=\"text-align: justify;\">Todos mis cursos y formaciones se basan en la comprensi\u00f3n de una mentalidad centrada en la Unidad, en la no dualidad. Mi especializaci\u00f3n se centra en relaciones de pareja, sexualidad y el amor consciente.<\/p>\n<p style=\"text-align: justify;\">Estoy aqu\u00ed para acompa\u00f1arte en tu viaje de transformaci\u00f3n, para ayudarte a liberar tu potencial y descubrir la alegr\u00eda y la plenitud que guardan en tu interior. \u00bfEst\u00e1s listo\/a para unirte a m\u00ed en este viaje? \u00a1Estar\u00e9 encantada de acompa\u00f1arte a reconectarte con tu ser interior para sentir la plenitud de la vida que ya esta aqui!<\/p>\n<p>[\/et_pb_blurb][\/et_pb_column][et_pb_column type=\u00bb1_2&#8243; _builder_version=\u00bb4.16&#8243; global_colors_info=\u00bb{}\u00bb][et_pb_image src=\u00bbhttps:\/\/www.tantravalencia.com\/new\/wp-content\/uploads\/2024\/07\/002-laura-de-pie-apoyada-1-scaled-1.jpeg\u00bb alt=\u00bbEl curso de masaje t\u00e1ntrico de Laura C\u00e1rcel\u00bb title_text=\u00bbMasaje t\u00e1ntrico curso\u00bb _builder_version=\u00bb4.24.0&#8243; custom_margin=\u00bb100px||||false|false\u00bb custom_margin_tablet=\u00bb0px||||false|false\u00bb custom_margin_phone=\u00bb\u00bb custom_margin_last_edited=\u00bbon|phone\u00bb locked=\u00bboff\u00bb global_colors_info=\u00bb{}\u00bb][\/et_pb_image][\/et_pb_column][\/et_pb_row][\/et_pb_section][et_pb_section fb_built=\u00bb1&#8243; admin_label=\u00bbEvents\u00bb _builder_version=\u00bb4.25.0&#8243; _module_preset=\u00bb_initial\u00bb custom_margin=\u00bb-127px||||false|false\u00bb locked=\u00bboff\u00bb collapsed=\u00bbon\u00bb global_colors_info=\u00bb{%22gcid-36fd78a7-34bc-404d-873c-dafa34efaae5%22:%91%22colorStart%22%93}\u00bb][et_pb_row use_custom_gutter=\u00bbon\u00bb gutter_width=\u00bb1&#8243; disabled_on=\u00bboff|off|off\u00bb _builder_version=\u00bb4.25.0&#8243; width=\u00bb99%\u00bb custom_margin=\u00bb0px||||false|false\u00bb custom_padding=\u00bb0px||0px||true|false\u00bb locked=\u00bboff\u00bb global_colors_info=\u00bb{}\u00bb][et_pb_column type=\u00bb4_4&#8243; _builder_version=\u00bb4.16&#8243; background_color=\u00bb#24394A\u00bb custom_padding=\u00bb32px|30px|32px|30px|true|true\u00bb box_shadow_style=\u00bbpreset4&#8243; box_shadow_horizontal=\u00bb-10vw\u00bb box_shadow_vertical=\u00bb0px\u00bb box_shadow_color=\u00bb#24394A\u00bb global_colors_info=\u00bb{}\u00bb][et_pb_text _builder_version=\u00bb4.26.0&#8243; text_font_size=\u00bb18px\u00bb text_line_height=\u00bb2em\u00bb header_3_font=\u00bbDomine||||||||\u00bb header_3_font_size=\u00bb30px\u00bb header_3_line_height=\u00bb1.4em\u00bb header_4_font_size=\u00bb25px\u00bb background_layout=\u00bbdark\u00bb link_option_url_new_window=\u00bbon\u00bb locked=\u00bboff\u00bb global_colors_info=\u00bb{}\u00bb]<\/p>\n<h3><\/h3>\n<h3>Donde: En Calicanto (Valencia)<\/h3>\n<h3>Fechas:\u00a0<\/h3>\n<h3>Del 2 al 8 de septiembre 2024<\/h3>\n<p>&nbsp;<\/p>\n<p><span style=\"text-decoration: underline;\"><b>Ponte en contacto para conocer los detalles de la formaci\u00f3n, lugar, precio &#8230;<\/b><\/span><\/p>\n<h4><span style=\"text-decoration: underline;\"><b>Tenemos opcion solo formacion o incluyendo tambien el alojamiento y la comida\u00a0<\/b><\/span><\/h4>\n<p>Grupos reducidos, trato personalizado y cercano.<span style=\"text-decoration: underline;\"><b><\/b><\/span><\/p>\n<p>&nbsp;<\/p>\n<p><span style=\"font-weight: 400;\">Plazas limitadas.<\/span><\/p>\n<p><span style=\"font-weight: 400;\">Reserva ahora con 80\u20ac de descuento antes del 15 de junio.<\/span><\/p>\n<p><span style=\"font-weight: 400;\">CONTACTO<\/span><\/p>\n<p><span style=\"font-weight: 400;\">\ufe0f 687 864 494- Laura\u00a0 \u00a0&#8211; Arianna<\/span><\/p>\n<p><a href=\"mailto:info@tantravalencia.com\"><span style=\"font-weight: 400;\">info@tantravalencia.com<\/span><\/a><span style=\"font-weight: 400;\">\u00a0<\/span><\/p>\n<p>[\/et_pb_text][et_pb_button button_url=\u00bbhttps:\/\/api.whatsapp.com\/send?phone=34611756536&#038;text=Hola%20Laura,%20vengo%20de%20redes%20sociales%20quiero%20saber%20mas%20de%20la%20formaci%C3%B3n%20de%20masaje%20t%C3%A1ntrico,%20mi%20nombre%20es&#8230;&#8230;%20y%20soy%20de&#8230;.\u00bb url_new_window=\u00bbon\u00bb button_text=\u00bbQuiero mas informaci\u00f3n\u00bb button_alignment=\u00bbcenter\u00bb _builder_version=\u00bb4.26.0&#8243; _module_preset=\u00bb1bffc0fc-42a0-49d1-bd9a-ae3ade2d7206&#8243; custom_button=\u00bbon\u00bb button_text_size=\u00bb23px\u00bb button_text_color=\u00bb#FFFFFF\u00bb button_bg_color=\u00bb#E01F45&#8243; button_border_width=\u00bb0px\u00bb button_border_radius=\u00bb60px\u00bb button_letter_spacing=\u00bb1px\u00bb button_font=\u00bbOpen Sans|700|||||||\u00bb button_icon=\u00bb&#xf232;||fa||400&#8243; button_icon_placement=\u00bbleft\u00bb button_on_hover=\u00bboff\u00bb custom_padding=\u00bb2px|38px|2px|38px|false|true\u00bb button_text_shadow_style=\u00bbpreset1&#8243; locked=\u00bboff\u00bb global_colors_info=\u00bb{}\u00bb custom_padding__hover_enabled=\u00bboff|desktop\u00bb custom_padding__hover=\u00bb|28px||20px|true|false\u00bb][\/et_pb_button][et_pb_button button_url=\u00bbhttps:\/\/www.tantravalencia.com\/producto\/formacion-de-masaje-tantrico-y-ayurveda-reserva\/\u00bb url_new_window=\u00bbon\u00bb button_text=\u00bbRESERVA AHORA TU PLAZA\u00bb disabled_on=\u00bboff|off|off\u00bb _builder_version=\u00bb4.25.1&#8243; custom_button=\u00bbon\u00bb button_text_size=\u00bb12px\u00bb button_text_color=\u00bb#ffffff\u00bb button_bg_color=\u00bbrgba(0,0,0,0)\u00bb button_border_width=\u00bb2px\u00bb button_border_color=\u00bb#ffffff\u00bb button_border_radius=\u00bb0px\u00bb button_letter_spacing=\u00bb4px\u00bb button_font=\u00bb|700||on|||||\u00bb custom_margin=\u00bb30px||||false|false\u00bb custom_margin_tablet=\u00bb|||0px|false|false\u00bb custom_margin_last_edited=\u00bboff|desktop\u00bb custom_padding=\u00bb18px|30px|18px|30px|true|true\u00bb locked=\u00bboff\u00bb global_colors_info=\u00bb{}\u00bb][\/et_pb_button][\/et_pb_column][\/et_pb_row][et_pb_row _builder_version=\u00bb4.25.1&#8243; _module_preset=\u00bbdefault\u00bb global_colors_info=\u00bb{}\u00bb][et_pb_column type=\u00bb4_4&#8243; _builder_version=\u00bb4.25.1&#8243; _module_preset=\u00bbdefault\u00bb global_colors_info=\u00bb{}\u00bb][et_pb_text _builder_version=\u00bb4.25.1&#8243; _module_preset=\u00bbdefault\u00bb global_colors_info=\u00bb{}\u00bb]<\/p>\n<h1 style=\"text-align: center;\">Visualiza aqui imagenes de nuestros retiros, descubriendo la Esencia del Tantra<\/h1>\n<p>[\/et_pb_text][\/et_pb_column][\/et_pb_row][et_pb_row _builder_version=\u00bb4.25.1&#8243; _module_preset=\u00bbdefault\u00bb global_colors_info=\u00bb{}\u00bb][et_pb_column type=\u00bb4_4&#8243; _builder_version=\u00bb4.25.1&#8243; _module_preset=\u00bbdefault\u00bb global_colors_info=\u00bb{}\u00bb][et_pb_video src=\u00bbhttps:\/\/vimeo.com\/949411767?share=copy\u00bb _builder_version=\u00bb4.25.1&#8243; _module_preset=\u00bbdefault\u00bb global_colors_info=\u00bb{}\u00bb][\/et_pb_video][\/et_pb_column][\/et_pb_row][\/et_pb_section][et_pb_section fb_built=\u00bb1&#8243; admin_label=\u00bbCall to Action\u00bb _builder_version=\u00bb4.25.0&#8243; _module_preset=\u00bbdefault\u00bb use_background_color_gradient=\u00bbon\u00bb background_color_gradient_stops=\u00bbrgba(0,0,0,0.75) 0%|rgba(0,0,0,0.75) 100%\u00bb background_color_gradient_overlays_image=\u00bbon\u00bb background_image=\u00bbhttps:\/\/www.tantravalencia.com\/new\/wp-content\/uploads\/2024\/07\/Masaje-tantrico.jpg\u00bb custom_padding=\u00bb5vw||5vw||true|false\u00bb locked=\u00bboff\u00bb collapsed=\u00bbon\u00bb global_colors_info=\u00bb{%22gcid-36fd78a7-34bc-404d-873c-dafa34efaae5%22:%91%22background_color%22%93}\u00bb][et_pb_row _builder_version=\u00bb4.24.3&#8243; _module_preset=\u00bb5138c454-be54-4233-bd3b-f8e6a8747976&#8243; locked=\u00bboff\u00bb global_colors_info=\u00bb{}\u00bb][et_pb_column type=\u00bb4_4&#8243; _builder_version=\u00bb4.18.0&#8243; _module_preset=\u00bb73121f80-a3ef-4484-8763-c3f18e3c56d2&#8243; global_colors_info=\u00bb{}\u00bb][et_pb_cta title=\u00bb\u00danete a nuestro formaci\u00f3n\u00bb button_url=\u00bbhttps:\/\/api.whatsapp.com\/send?phone=34611756536&#038;text=Hola%20Laura,%20vengo%20de%20redes%20sociales%20quiero%20saber%20mas%20de%20la%20formaci%C3%B3n%20de%20masaje%20t%C3%A1ntrico,%20mi%20nombre%20es&#8230;&#8230;%20y%20soy%20de&#8230;.\u00bb url_new_window=\u00bbon\u00bb button_text=\u00bbPincha aqu\u00ed y cont\u00e1ctanos\u00bb _builder_version=\u00bb4.26.0&#8243; _module_preset=\u00bb4c2ad5d0-871e-414e-a4be-aa9134d4ae8e\u00bb header_font=\u00bbCormorant|Cormorant_weight|||||||\u00bb header_text_color=\u00bb#0e0c19&#8243; header_font_size=\u00bb50px\u00bb header_line_height=\u00bb1.2em\u00bb body_font=\u00bbOpen Sans||||||||\u00bb body_text_color=\u00bb#3c3a47&#8243; body_font_size=\u00bb18px\u00bb body_line_height=\u00bb1.75em\u00bb background_color=\u00bb#FFFFFF\u00bb custom_button=\u00bbon\u00bb button_text_size=\u00bb19px\u00bb button_text_color=\u00bb#FFFFFF\u00bb button_bg_color=\u00bb#E01F45&#8243; button_border_width=\u00bb0px\u00bb button_border_radius=\u00bb100px\u00bb button_font=\u00bbOpen Sans|700|||||||\u00bb button_custom_padding=\u00bb12px|24px|12px|24px|true|true\u00bb background_layout=\u00bblight\u00bb custom_padding=\u00bb60px|60px|60px|60px|true|true\u00bb custom_padding_tablet=\u00bb30px|30px|30px|30px|true|true\u00bb custom_padding_phone=\u00bb20px|20px|20px|20px|true|true\u00bb custom_padding_last_edited=\u00bbon|desktop\u00bb link_option_url=\u00bbhttps:\/\/api.whatsapp.com\/send?phone=34611756536&#038;text=Hola%20Laura,%20vengo%20de%20redes%20sociales%20quiero%20saber%20mas%20de%20la%20formaci%C3%B3n%20de%20masaje%20t%C3%A1ntrico,%20mi%20nombre%20es&#8230;&#8230;%20y%20soy%20de&#8230;.\u00bb link_option_url_new_window=\u00bbon\u00bb header_font_size_tablet=\u00bb28px\u00bb header_font_size_phone=\u00bb34px\u00bb header_font_size_last_edited=\u00bbon|phone\u00bb body_font_size_tablet=\u00bb16px\u00bb body_font_size_phone=\u00bb17px\u00bb body_font_size_last_edited=\u00bbon|phone\u00bb border_radii=\u00bbon|6px|6px|6px|6px\u00bb box_shadow_style=\u00bbpreset3&#8243; box_shadow_vertical=\u00bb24px\u00bb box_shadow_blur=\u00bb72px\u00bb box_shadow_spread=\u00bb-12px\u00bb box_shadow_color=\u00bbrgba(0,0,0,0.12)\u00bb locked=\u00bboff\u00bb global_colors_info=\u00bb{%22gcid-f2943306-fa6c-45f0-b632-5fc00151366a%22:%91%22button_text_color%22%93,%22gcid-36fd78a7-34bc-404d-873c-dafa34efaae5%22:%91%22button_text_color%22,%22color%22,%22background_color%22%93,%22gcid-7cadd8b3-5228-48e4-90c4-212d09232f7b%22:%91%22color%22,%22color%22,%22color%22,%22color%22%93,%22gcid-f113ad93-2527-46d7-862b-fc71181c6b5e%22:%91%22border_color_all%22,%22border_color_all%22%93}\u00bb text_font_size_tablet=\u00bb16px\u00bb text_font_size_phone=\u00bb14px\u00bb text_font_size_last_edited=\u00bbon|phone\u00bb]<\/p>\n<p>Recibir\u00e1s dosier complementario as\u00ed como sesiones de apoyo, y acceso a la escuela online, al terminar el retiro, con todo el soporte necesario para que emprendas tu camino como masajista.<\/p>\n<p>[\/et_pb_cta][\/et_pb_column][\/et_pb_row][\/et_pb_section]<\/p>\n","protected":false},"excerpt":{"rendered":"<p>\u00a0Te\u00f3rico-practica, presencial y online. Grupos reducidos, trato personalizado. Del 2 al 8 de septiembre 2024Si no puedes asistir en las fechas previstas del 2 al 8 de septiembre, consultanos para agendar sesiones particulares y realizar la formaci\u00f3n de manera presencial en los dias que mas te convenga con todo el apoyo de nuestra formaci\u00f3n online [&hellip;]<\/p>\n","protected":false},"author":1,"featured_media":0,"parent":0,"menu_order":0,"comment_status":"closed","ping_status":"closed","template":"page-template-blank.php","meta":{"_et_pb_use_builder":"on","_et_pb_old_content":"","_et_gb_content_width":"","footnotes":""},"class_list":["post-126","page","type-page","status-publish","hentry"],"_links":{"self":[{"href":"https:\/\/www.tantravalencia.com\/new\/wp-json\/wp\/v2\/pages\/126","targetHints":{"allow":["GET"]}}],"collection":[{"href":"https:\/\/www.tantravalencia.com\/new\/wp-json\/wp\/v2\/pages"}],"about":[{"href":"https:\/\/www.tantravalencia.com\/new\/wp-json\/wp\/v2\/types\/page"}],"author":[{"embeddable":true,"href":"https:\/\/www.tantravalencia.com\/new\/wp-json\/wp\/v2\/users\/1"}],"replies":[{"embeddable":true,"href":"https:\/\/www.tantravalencia.com\/new\/wp-json\/wp\/v2\/comments?post=126"}],"version-history":[{"count":10,"href":"https:\/\/www.tantravalencia.com\/new\/wp-json\/wp\/v2\/pages\/126\/revisions"}],"predecessor-version":[{"id":22429,"href":"https:\/\/www.tantravalencia.com\/new\/wp-json\/wp\/v2\/pages\/126\/revisions\/22429"}],"wp:attachment":[{"href":"https:\/\/www.tantravalencia.com\/new\/wp-json\/wp\/v2\/media?parent=126"}],"curies":[{"name":"wp","href":"https:\/\/api.w.org\/{rel}","templated":true}]}}